{"id":10796,"date":"2023-07-18T18:31:15","date_gmt":"2023-07-18T18:31:15","guid":{"rendered":"https:\/\/versahinternational.com\/protocole-de-la-technique-idr-i\/"},"modified":"2023-12-04T21:04:14","modified_gmt":"2023-12-04T21:04:14","slug":"protocole-de-la-technique-idr-i","status":"publish","type":"page","link":"https:\/\/versahinternational.com\/fr\/polyvalence-clinique\/protocole-de-la-technique-idr-i\/","title":{"rendered":"Protocole\u00a0I sur la technique IDR"},"content":{"rendered":"<section class=\"wpb-content-wrapper\"><p>[vc_row][vc_column][vc_empty_space height=\u00a0\u00bb100px\u00a0\u00bb][vc_custom_heading text=\u00a0\u00bbPROTOCOLE I SUR LA TECHNIQUE DE RESTAURATION DENTO-ALV\u00c9OLAIRE IMM\u00c9DIATE (IDR)\u00a0\u00bb font_container=\u00a0\u00bbtag:p|font_size:35|text_align:center|color:%23c4d600&Prime; use_theme_fonts=\u00a0\u00bbyes\u00a0\u00bb][vc_btn title=\u00a0\u00bbT\u00e9l\u00e9charger le protocole\u00a0\u00bb style=\u00a0\u00bboutline-custom\u00a0\u00bb outline_custom_color=\u00a0\u00bb#c4d600&Prime; outline_custom_hover_background=\u00a0\u00bb#666666&Prime; outline_custom_hover_text=\u00a0\u00bb#ffffff\u00a0\u00bb size=\u00a0\u00bblg\u00a0\u00bb align=\u00a0\u00bbcenter\u00a0\u00bb link=\u00a0\u00bburl:https%3A%2F%2Fversahinternational.com%2Fwp-content%2Fuploads%2F2023%2F12%2FFrench_IDR-I_10993-REV00-1.pdf|title:Protocole%20d&rsquo;expansion%20facilit%C3%A9e%20des%20cr%C3%AAtes\u00a0\u00bb][\/vc_column][\/vc_row][vc_row][vc_column css=\u00a0\u00bb.vc_custom_1690382190823{background-color: #ffffff !important;}\u00a0\u00bb][vc_column_text]<\/p>\n<div data-widget-id=\"ecf34c35-04ee-4d55-80f5-2b30c50127ca\" data-placement-id=\"b03f79d3-5287-4d86-b88e-4d16ee2698ae\" data-placement-status=\"ACTIVE\">\n<div class=\"sd-simple-text-ecf34c35-04ee-4d55-80f5-2b30c50127ca \">\n<div id=\"sd-simple-text-editable-ecf34c35-04ee-4d55-80f5-2b30c50127ca\" data-edit-mode=\"\">\n<p><span style=\"color: #c4d600 !important;\"><strong>Pr\u00e9sentation :<\/strong><\/span><\/p>\n<\/div>\n<\/div>\n<\/div>\n<div data-widget-id=\"ebb0fe0c-d3bb-4469-819e-748e87ebe8d3\" data-placement-id=\"eb822ecd-15a8-4eb2-92d0-a209d804bd0a\" data-placement-status=\"ACTIVE\">\n<div class=\"sd-simple-text-ebb0fe0c-d3bb-4469-819e-748e87ebe8d3 \">\n<div id=\"sd-simple-text-editable-ebb0fe0c-d3bb-4469-819e-748e87ebe8d3\" data-edit-mode=\"\">\n<p><span style=\"color: #333333;\">Technique conseill\u00e9e en cas de tissus mous de mauvaise qualit\u00e9 \u00e0 cause d\u2019une fracture et d\u2019une infection dans les cavit\u00e9s post-extraction avec perte osseuse importante.\u00a0Le protocole\u00a0I IDR introduit une nouvelle perspective pour la prise en charge de ces cavit\u00e9s compromises gr\u00e2ce \u00e0 une chirurgie sans lambeau, d\u2019une mani\u00e8re simple bas\u00e9e sur la r\u00e9ponse biologique.<\/span><\/p>\n<\/div>\n<\/div>\n<\/div>\n<p>[\/vc_column_text][vc_empty_space height=\u00a0\u00bb50px\u00a0\u00bb][vc_separator][vc_column_text]<span style=\"color: #333333;\">\u2022 EXTRAIRE LA DENT ENDOMMAG\u00c9E ET RETIRER LE TISSU DE GRANULATION AINSI QUE LES RESTES DE TISSU PARODONTAL.<\/span><br \/>\n<span style=\"color: #333333;\">\u2022 UTILISER LES FRAISES DENSAH EN MODE OD (SENS ANTIHORAIRE) POUR PR\u00c9PARER LE SITE D\u2019IMPLANTATION ET DENSIFIER LE LIT OSSEUX.<\/span><br \/>\n<span style=\"color: #333333;\">\u2022 ANCRER L\u2019IMPLANT DANS LA PAROI PALATINE.<\/span><br \/>\n<span style=\"color: #333333;\">\u2022 PR\u00c9LEVER ET REMODELER LE GREFFON CORTICO-SPONGIEUX ET L\u2019OS PARTICULAIRE DEPUIS LA TUB\u00c9ROSIT\u00c9 MAXILLAIRE. INS\u00c9RER ET STABILISER LE GREFFON CORTICO-SPONGIEUX ET PARTICULAIRE DANS LA PARTIE BUCCALE DU SITE R\u00c9CEPTEUR.<\/span><br \/>\n<span style=\"color: #333333;\">\u2022 METTRE EN PLACE UNE RESTAURATION PROVISOIRE VISS\u00c9E AVEC UN PROFIL D\u2019\u00c9MERGENCE AD\u00c9QUAT. (NE PAS UTILISER DE RESTAURATION CIMENT\u00c9E)<\/span><br \/>\n<span style=\"color: #333333;\">\u2022 LAISSER S\u2019\u00c9COULER UNE P\u00c9RIODE DE CICATRISATION D\u2019AU MOINS 4\u00a0MOIS ET PLACER UNE COURONNE EN PORCELAINE D\u00c9FINITIVE VISS\u00c9E.<\/span>[\/vc_column_text][vc_separator][vc_row_inner][vc_column_inner width=\u00a0\u00bb1\/2&Prime;][vc_single_image image=\u00a0\u00bb1321&Prime; img_size=\u00a0\u00bbfull\u00a0\u00bb alignment=\u00a0\u00bbcenter\u00a0\u00bb][\/vc_column_inner][vc_column_inner width=\u00a0\u00bb1\/2&Prime;][vc_column_text]<span style=\"color: #333333;\">Le scan r\u00e9v\u00e8le une fracture et une perte de la paroi de l\u2019os buccal.<\/span>[\/vc_column_text][\/vc_column_inner][\/vc_row_inner][vc_row_inner][vc_column_inner][vc_empty_space height=\u00a0\u00bb50px\u00a0\u00bb][\/vc_column_inner][\/vc_row_inner][vc_row_inner][vc_column_inner width=\u00a0\u00bb2\/3&Prime;][vc_custom_heading text=\u00a0\u00bb\u00c9tape 1 :\u00a0\u00bb font_container=\u00a0\u00bbtag:p|font_size:20|text_align:left|color:%23c4d600&Prime; use_theme_fonts=\u00a0\u00bbyes\u00a0\u00bb][vc_column_text]<span style=\"color: #333333;\">Extraire la dent endommag\u00e9e \u00e0 l\u2019aide d\u2019une proc\u00e9dure peu invasive. Retirer compl\u00e8tement le tissu de granulation et les restes de tissu parodontal en curetant d\u00e9licatement dans la cavit\u00e9. Une perte totale de la paroi buccale peut \u00eatre fr\u00e9quente et apparente.<\/span>[\/vc_column_text][\/vc_column_inner][vc_column_inner width=\u00a0\u00bb1\/3&Prime;][vc_single_image image=\u00a0\u00bb1325&Prime; img_size=\u00a0\u00bbfull\u00a0\u00bb][\/vc_column_inner][\/vc_row_inner][vc_row_inner][vc_column_inner][vc_empty_space height=\u00a0\u00bb50px\u00a0\u00bb][\/vc_column_inner][\/vc_row_inner][vc_row_inner][vc_column_inner width=\u00a0\u00bb2\/3&Prime;][vc_custom_heading text=\u00a0\u00bb\u00c9tape 2 :\u00a0\u00bb font_container=\u00a0\u00bbtag:p|font_size:20|text_align:left|color:%23c4d600&Prime; use_theme_fonts=\u00a0\u00bbyes\u00a0\u00bb][vc_column_text]<\/p>\n<div data-widget-id=\"ecf34c35-04ee-4d55-80f5-2b30c50127ca\" data-placement-id=\"b03f79d3-5287-4d86-b88e-4d16ee2698ae\" data-placement-status=\"ACTIVE\">\n<div class=\"sd-simple-text-ecf34c35-04ee-4d55-80f5-2b30c50127ca \">\n<div id=\"sd-simple-text-editable-ecf34c35-04ee-4d55-80f5-2b30c50127ca\" data-edit-mode=\"\">\n<p><span style=\"color: #333333;\">Utiliser les fraises Densah\u00ae pour pr\u00e9parer le site de l\u2019implant. Commencer avec le foret pilote Densah\u00ae, dans le sens horaire, jusqu\u2019\u00e0 la profondeur requise d\u2019apr\u00e8s la longueur de l\u2019implant planifi\u00e9e. Selon le type et le diam\u00e8tre de l\u2019implant, poursuivre avec des fraises Densah\u00ae plus larges conform\u00e9ment au protocole de forage pour le syst\u00e8me d\u2019implant.* En commen\u00e7ant avec la plus petite fraise Densah\u00ae, utiliser les fraises Densah\u00ae en mode OD (dans le sens antihoraire, vitesse de 800-1\u00a0500\u00a0tr\/min avec irrigation abondante).<\/span><\/p>\n<p><span style=\"color: #333333;\"><br \/>\n<a style=\"color: #333333;\" href=\"https:\/\/versahinternational.com\/fr\/polyvalence-clinique\/guide-de-reference-pour-le-forage-des-systemes-dimplants-drg\/\">*versahinternational.com\/clinical-versahtility\/implant-system-protocols\/<\/a><br \/>\n<\/span><\/p>\n<\/div>\n<\/div>\n<\/div>\n<p>[\/vc_column_text][\/vc_column_inner][vc_column_inner width=\u00a0\u00bb1\/3&Prime;][vc_single_image image=\u00a0\u00bb1327&Prime; img_size=\u00a0\u00bbfull\u00a0\u00bb][\/vc_column_inner][\/vc_row_inner][vc_row_inner][vc_column_inner][vc_empty_space height=\u00a0\u00bb50px\u00a0\u00bb][\/vc_column_inner][\/vc_row_inner][vc_row_inner][vc_column_inner width=\u00a0\u00bb2\/3&Prime;][vc_custom_heading text=\u00a0\u00bb\u00c9tape 3 :\u00a0\u00bb font_container=\u00a0\u00bbtag:p|font_size:20|text_align:left|color:%23c4d600&Prime; use_theme_fonts=\u00a0\u00bbyes\u00a0\u00bb][vc_column_text]<span style=\"color: #333333;\">Pr\u00e9lever le greffon cortico-spongieux et l\u2019os autog\u00e8ne particulaire depuis la tub\u00e9rosit\u00e9 maxillaire \u00e0 l\u2019aide de ciseaux IDR (kit IDR). Remodeler le greffon en fonction de la configuration du d\u00e9faut. Ins\u00e9rer et stabiliser le greffon cortico-spongieux model\u00e9 en le positionnant solidement dans la partie buccale du site r\u00e9cepteur de mani\u00e8re \u00e0 ce que la partie m\u00e9dullaire du greffon cortico-spongieux soit face \u00e0 l\u2019implant.<\/span>[\/vc_column_text][\/vc_column_inner][vc_column_inner width=\u00a0\u00bb1\/3&Prime;][vc_single_image image=\u00a0\u00bb1329&Prime; img_size=\u00a0\u00bbfull\u00a0\u00bb][\/vc_column_inner][\/vc_row_inner][vc_row_inner][vc_column_inner][vc_empty_space height=\u00a0\u00bb50px\u00a0\u00bb][\/vc_column_inner][\/vc_row_inner][vc_row_inner][vc_column_inner width=\u00a0\u00bb2\/3&Prime;][vc_custom_heading text=\u00a0\u00bb\u00c9tape 4 :\u00a0\u00bb font_container=\u00a0\u00bbtag:p|font_size:20|text_align:left|color:%23c4d600&Prime; use_theme_fonts=\u00a0\u00bbyes\u00a0\u00bb][vc_column_text]<span style=\"color: #333333;\">Ancrer l\u2019implant dans la paroi palatine en position 3-D. <\/span><span style=\"color: #333333;\">Compacter l\u2019os particulaire autog\u00e8ne pour combler compl\u00e8tement l\u2019espace entre la partie m\u00e9dullaire du greffon cortico-spongieux et l\u2019implant. L\u2019objectif de reconstruction de la partie buccale vis\u00e9e correspond \u00e0 une \u00e9paisseur osseuse de 3\u00a0mm.<\/span>[\/vc_column_text][\/vc_column_inner][vc_column_inner width=\u00a0\u00bb1\/3&Prime;][vc_single_image image=\u00a0\u00bb1331&Prime; img_size=\u00a0\u00bbfull\u00a0\u00bb][\/vc_column_inner][\/vc_row_inner][vc_row_inner][vc_column_inner][vc_empty_space height=\u00a0\u00bb50px\u00a0\u00bb][\/vc_column_inner][\/vc_row_inner][vc_row_inner][vc_column_inner width=\u00a0\u00bb2\/3&Prime;][vc_custom_heading text=\u00a0\u00bb\u00c9tape 5 :\u00a0\u00bb font_container=\u00a0\u00bbtag:p|font_size:20|text_align:left|color:%23c4d600&Prime; use_theme_fonts=\u00a0\u00bbyes\u00a0\u00bb][vc_column_text]<span style=\"color: #333333;\">Mettre en place une restauration provisoire viss\u00e9e avec un profil d\u2019\u00e9mergence ad\u00e9quat.<\/span>[\/vc_column_text][\/vc_column_inner][vc_column_inner width=\u00a0\u00bb1\/3&Prime;][vc_single_image image=\u00a0\u00bb1333&Prime; img_size=\u00a0\u00bbfull\u00a0\u00bb][\/vc_column_inner][\/vc_row_inner][vc_row_inner][vc_column_inner][vc_empty_space height=\u00a0\u00bb50px\u00a0\u00bb][\/vc_column_inner][\/vc_row_inner][vc_row_inner][vc_column_inner width=\u00a0\u00bb2\/3&Prime;][vc_custom_heading text=\u00a0\u00bb\u00c9tape 6 :\u00a0\u00bb font_container=\u00a0\u00bbtag:p|font_size:20|text_align:left|color:%23c4d600&Prime; use_theme_fonts=\u00a0\u00bbyes\u00a0\u00bb][vc_column_text]<span style=\"color: #333333;\">Laisser cicatriser pendant au moins 4 mois pour que les tissus mous atteignent un volume stable et une \u00e9paisseur ad\u00e9quate. <\/span><span style=\"color: #333333;\">Une restauration finale viss\u00e9e est recommand\u00e9e. <\/span><span style=\"color: #333333;\">On peut observer la pr\u00e9servation du contour anatomique des tissus mous.<\/span>[\/vc_column_text][\/vc_column_inner][vc_column_inner width=\u00a0\u00bb1\/3&Prime;][vc_single_image image=\u00a0\u00bb1335&Prime; img_size=\u00a0\u00bbfull\u00a0\u00bb][\/vc_column_inner][\/vc_row_inner][vc_row_inner][vc_column_inner][vc_empty_space height=\u00a0\u00bb50px\u00a0\u00bb][vc_single_image image=\u00a0\u00bb1323&Prime; img_size=\u00a0\u00bbfull\u00a0\u00bb alignment=\u00a0\u00bbcenter\u00a0\u00bb][vc_column_text]<\/p>\n<p style=\"text-align: center;\">Suivi clinique montrant la stabilit\u00e9 des tissus mous au niveau de la marge gingivale et des papilles.<br \/>\nUne TVFC apr\u00e8s 3\u00a0ans souligne la stabilit\u00e9 de la paroi buccale en termes d\u2019\u00e9paisseur et de hauteur.<br \/>\nCas aimablement fourni par le Dr\u00a0Jos\u00e9\u00a0Carlos\u00a0da\u00a0Rosa<\/p>\n<p>[\/vc_column_text][vc_column_text]<\/p>\n<p style=\"text-align: center;\">* Donn\u00e9es disponibles, voir versahinternational.com\/od-published-papers\/ pour les \u00e9tudes.<br \/>\n** Le jugement et l\u2019\u2019exp\u00e9rience du clinicien doivent \u00eatre appliqu\u00e9s en conjonction avec cette suggestion de protocole<\/p>\n<p>[\/vc_column_text][\/vc_column_inner][\/vc_row_inner][\/vc_column][\/vc_row][vc_row][vc_column][vc_empty_space height=\u00a0\u00bb100px\u00a0\u00bb][vc_column_text]<\/p>\n<h6><span style=\"color: #808080;\">10899 REV00 derni\u00e8re mise \u00e0 jour : 08\/2023<\/span><\/h6>\n<p>[\/vc_column_text][\/vc_column][\/vc_row]<\/p>\n<\/section>","protected":false},"excerpt":{"rendered":"<p>[vc_row][vc_column][vc_empty_space height=\u00a0\u00bb100px\u00a0\u00bb][vc_custom_heading text=\u00a0\u00bbPROTOCOLE I SUR LA TECHNIQUE DE RESTAURATION DENTO-ALV\u00c9OLAIRE IMM\u00c9DIATE (IDR)\u00a0\u00bb font_container=\u00a0\u00bbtag:p|font_size:35|text_align:center|color:%23c4d600&Prime; use_theme_fonts=\u00a0\u00bbyes\u00a0\u00bb][vc_btn title=\u00a0\u00bbT\u00e9l\u00e9charger le protocole\u00a0\u00bb style=\u00a0\u00bboutline-custom\u00a0\u00bb outline_custom_color=\u00a0\u00bb#c4d600&Prime; outline_custom_hover_background=\u00a0\u00bb#666666&Prime;<\/p>\n<p><a href=\"https:\/\/versahinternational.com\/fr\/polyvalence-clinique\/protocole-de-la-technique-idr-i\/\" class=\"more-link\">Continue reading<span class=\"screen-reader-text\">Protocole\u00a0I sur la technique IDR<\/span><\/a><\/p>\n","protected":false},"author":2,"featured_media":0,"parent":11655,"menu_order":0,"comment_status":"closed","ping_status":"closed","template":"","meta":{"footnotes":""},"class_list":["post-10796","page","type-page","status-publish","hentry"],"jetpack_sharing_enabled":true,"_links":{"self":[{"href":"https:\/\/versahinternational.com\/fr\/wp-json\/wp\/v2\/pages\/10796","targetHints":{"allow":["GET"]}}],"collection":[{"href":"https:\/\/versahinternational.com\/fr\/wp-json\/wp\/v2\/pages"}],"about":[{"href":"https:\/\/versahinternational.com\/fr\/wp-json\/wp\/v2\/types\/page"}],"author":[{"embeddable":true,"href":"https:\/\/versahinternational.com\/fr\/wp-json\/wp\/v2\/users\/2"}],"replies":[{"embeddable":true,"href":"https:\/\/versahinternational.com\/fr\/wp-json\/wp\/v2\/comments?post=10796"}],"version-history":[{"count":14,"href":"https:\/\/versahinternational.com\/fr\/wp-json\/wp\/v2\/pages\/10796\/revisions"}],"predecessor-version":[{"id":17755,"href":"https:\/\/versahinternational.com\/fr\/wp-json\/wp\/v2\/pages\/10796\/revisions\/17755"}],"up":[{"embeddable":true,"href":"https:\/\/versahinternational.com\/fr\/wp-json\/wp\/v2\/pages\/11655"}],"wp:attachment":[{"href":"https:\/\/versahinternational.com\/fr\/wp-json\/wp\/v2\/media?parent=10796"}],"curies":[{"name":"wp","href":"https:\/\/api.w.org\/{rel}","templated":true}]}}